{"id":173,"date":"2019-01-10T14:20:05","date_gmt":"2019-01-10T14:20:05","guid":{"rendered":"http:\/\/hansen-frisoerladen.eu\/?page_id=173"},"modified":"2026-08-12T12:49:22","modified_gmt":"2026-08-12T12:49:22","slug":"hier-die-ueberschrift","status":"publish","type":"page","link":"https:\/\/hansen-frisoerladen.de\/","title":{"rendered":"One Page"},"content":{"rendered":"<p>[vc_row full_width=&#8220;stretch_row_content&#8220;][vc_column css=&#8220;.vc_custom_1613113746237{padding-left: 75px !important;background-color: #dbd4d0 !important;}&#8220; offset=&#8220;vc_col-lg-offset-0&#8243;][vc_single_image image=&#8220;278&#8243; img_size=&#8220;large&#8220; alignment=&#8220;center&#8220; css_animation=&#8220;zoomIn&#8220;][\/vc_column][\/vc_row][vc_row el_id=&#8220;willkommen&#8220;][vc_column width=&#8220;1\/4&#8243;][\/vc_column][vc_column width=&#8220;1\/2&#8243;][vc_empty_space height=&#8220;50px&#8220;][vc_text_separator title=&#8220;Willkommen&#8220;][vc_column_text]<\/p>\n<h6 style=\"text-align: center;\">Liebe zur Sch\u00f6nheit ist Geschmack.<br \/>\nDie Schaffung von Sch\u00f6nheit ist Kunst.<\/h6>\n<p style=\"text-align: center;\">Wir m\u00f6chten das Stra\u00dfenbild ein bisschen sch\u00f6ner machen. Und daf\u00fcr nutzen wir das, was Sie immer bei sich tragen: Ihren Kopf.<\/p>\n<p style=\"text-align: center;\">Denn ein guter Haarschnitt ist f\u00fcr uns kein fertiger Look von der Stange. Er entsteht im Gespr\u00e4ch, im genauen Hinsehen und in der Frage:<\/p>\n<p style=\"text-align: center;\"><strong>Was passt wirklich zu Ihnen?<\/strong><b><\/b><\/p>\n<p style=\"text-align: center;\">Wir glauben, dass Haare Pers\u00f6nlichkeit sichtbar machen k\u00f6nnen. Deshalb bekommen Sie bei uns nicht einfach den Haarschnitt, der gerade gefragt ist, sondern einen Look, der zu Ihnen passt \u2013 zu Ihrem Stil, Ihrem Gesicht, Ihrer Haarstruktur und vor allem zu Ihrem Leben.<\/p>\n<p style=\"text-align: center;\">Ob eine kleine Ver\u00e4nderung, ein neuer Schnitt, eine andere Farbe oder ein kompletter Wechsel: Wir lieben es, gemeinsam mit Ihnen herauszufinden, was m\u00f6glich ist. Manchmal braucht es nur eine kleine Korrektur, um genau das Richtige hervorzuheben. Manchmal darf es etwas v\u00f6llig Neues sein.<\/p>\n<p style=\"text-align: center;\"><strong>Was wir anders machen?<\/strong><b><\/b><\/p>\n<p style=\"text-align: center;\">Wir m\u00f6chten die Nat\u00fcrlichkeit Ihres Haares bewahren. Deshalb arbeiten wir so, dass die strukturelle Belastung m\u00f6glichst gering bleibt. F\u00fcr uns bedeutet gutes Handwerk nicht, m\u00f6glichst viel zu ver\u00e4ndern, sondern genau zu wissen, was man ver\u00e4ndern sollte \u2013 und was besser so bleibt, wie es ist.<\/p>\n<p style=\"text-align: center;\">Denn manchmal braucht es tats\u00e4chlich nicht mehr als einen Kamm und eine Schere, um einen Menschen ganz anders wirken zu lassen.<\/p>\n<p style=\"text-align: center;\">Und genauso wichtig wie das Ergebnis ist f\u00fcr uns der Weg dorthin.<\/p>\n<p style=\"text-align: center;\">Ihr Friseurbesuch soll eine Pause vom Alltag sein. Ein Moment, in dem Sie ankommen, sich beraten lassen, entspannen und sich darauf freuen k\u00f6nnen, den Salon mit einem guten Gef\u00fchl zu verlassen.<\/p>\n<p style=\"text-align: center;\">Nehmen Sie Platz. Lernen Sie uns kennen. Erz\u00e4hlen Sie uns, was Sie sich w\u00fcnschen.<\/p>\n<p style=\"text-align: center;\"><strong>Wir k\u00fcmmern uns um den Rest.<\/strong><\/p>\n<p>[\/vc_column_text][\/vc_column][vc_column width=&#8220;1\/4&#8243;][\/vc_column][\/vc_row][vc_row el_id=&#8220;oeffnungszeiten&#8220;][vc_column][vc_empty_space height=&#8220;50px&#8220;][vc_separator][\/vc_column][\/vc_row][vc_row][vc_column width=&#8220;1\/4&#8243;][\/vc_column][vc_column width=&#8220;1\/2&#8243;][vc_text_separator title=&#8220;\u00d6ffnungszeiten&#8220;][vc_column_text]<\/p>\n<p style=\"text-align: center;\">mo. &#8211; fr.: 09:00 &#8211; 18:30<br \/>\nsa.: 08:00 &#8211; 13:00<\/p>\n<p style=\"text-align: center;\">Und nach Vereinbarung<\/p>\n<p>[\/vc_column_text][vc_empty_space height=&#8220;50px&#8220;][\/vc_column][vc_column width=&#8220;1\/4&#8243;][\/vc_column][\/vc_row][vc_row el_id=&#8220;preise&#8220;][vc_column][vc_separator][vc_row_inner][vc_column_inner width=&#8220;1\/4&#8243;][\/vc_column_inner][vc_column_inner width=&#8220;1\/2&#8243;][vc_text_separator title=&#8220;Unsere Preise&#8220;][vc_column_text]<\/p>\n<p style=\"text-align: center;\">Wir m\u00f6chten, dass Sie sich bei uns wohlf\u00fchlen und Freude an ihrer Frisur haben. Dazu geh\u00f6rt f\u00fcr uns auch die Transparenz unserer Dienstleistungspreise. Damit Sie jederzeit einen \u00dcberblick haben, gibt es bei uns Komplettpreise, die sich aus unterschiedlichen Elementen zusammensetzen:<\/p>\n<h6 style=\"text-align: center;\"><\/h6>\n<h6 style=\"text-align: center;\">Basiselemente<\/h6>\n<p style=\"text-align: center;\">Schnitt &amp; Styling<br \/>\nStyling<\/p>\n<h6 style=\"text-align: center;\"><\/h6>\n<h6 style=\"text-align: center;\">Zusatzelemente<\/h6>\n<p style=\"text-align: center;\">Coloration<br \/>\nStr\u00e4hnen<br \/>\nUmformung<\/p>\n<p style=\"text-align: center;\">Sie haben die Wahl zwischen einem der beiden Basiselemente und k\u00f6nnen dieses &#8211; wenn Sie es w\u00fcnschen &#8211; ganz einfach mit einem Zusatzelement kombinieren. Egal, f\u00fcr welche Elemente Sie sich entscheiden, in unseren Preisen sind alle erforderlichen Arbeitsschritte und Produkte enthalten.<\/p>\n<p>[\/vc_column_text][\/vc_column_inner][vc_column_inner width=&#8220;1\/4&#8243;][\/vc_column_inner][\/vc_row_inner][\/vc_column][\/vc_row][vc_row][vc_column width=&#8220;1\/6&#8243;][\/vc_column][vc_column width=&#8220;4\/6&#8243;][vc_row_inner][vc_column_inner width=&#8220;5\/12&#8243; css=&#8220;.vc_custom_1549366843665{background-color: #dbd4d0 !important;}&#8220;][vc_column_text]<\/p>\n<h6 style=\"text-align: center;\">Damen:<\/h6>\n<p style=\"text-align: center;\"><span style=\"color: #ffffff;\">Damenschnitt inkl. Beratung und Styling<\/span><br \/>\n<span style=\"color: #ffffff;\">\u20ac 43,00 bis \u20ac 54,00<\/span><\/p>\n<p style=\"text-align: center;\"><span style=\"color: #ffffff;\">Styling, inkl. Styling Produkten<\/span><br \/>\n<span style=\"color: #ffffff;\">\u20ac 27,50 bis \u20ac 34,00<\/span><\/p>\n<p style=\"text-align: center;\"><span style=\"color: #ffffff;\">Farbe inkl. Kur und Beratung<\/span><br \/>\n<span style=\"color: #ffffff;\">\u20ac 41,50 bis \u20ac 45,50<\/span><\/p>\n<p style=\"text-align: center;\"><span style=\"color: #ffffff;\">Str\u00e4hnen inkl. Kur und Beratung<\/span><br \/>\n<span style=\"color: #ffffff;\">\u20ac 63,50 bis \u20ac73,50<\/span><\/p>\n<p>[\/vc_column_text][\/vc_column_inner][vc_column_inner width=&#8220;2\/12&#8243;][\/vc_column_inner][vc_column_inner width=&#8220;5\/12&#8243; css=&#8220;.vc_custom_1549367120128{background-color: #dbd4d0 !important;}&#8220;][vc_column_text]<\/p>\n<h6 style=\"text-align: center;\">Herren:<\/h6>\n<p style=\"text-align: center;\"><span style=\"color: #ffffff;\">Herrenschnitt inkl. Beratung und Styling<br \/>\n<\/span><span style=\"color: #ffffff;\">(10-25 Min.) \u20ac 25,00\u00a0<\/span><\/p>\n<p style=\"text-align: center;\"><span style=\"color: #ffffff;\">Purer Maschinen-Haarschnitt<\/span><br \/>\n<span style=\"color: #ffffff;\">(5-10 Min.) \u20ac 14,50<\/span><\/p>\n<p style=\"text-align: center;\"><span style=\"color: #ffffff;\">Bartpflege<\/span><br \/>\n<span style=\"color: #ffffff;\">(5-25 Min.) \u20ac 5,00 bis \u20ac 16,00<\/span><\/p>\n<p style=\"text-align: center;\"><span style=\"color: #ffffff;\">Graureduzierung<\/span><br \/>\n<span style=\"color: #ffffff;\">(30 Min.) \u20ac 20,00<\/span><\/p>\n<p>[\/vc_column_text][\/vc_column_inner][\/vc_row_inner][\/vc_column][vc_column width=&#8220;1\/6&#8243;][\/vc_column][\/vc_row][vc_row el_id=&#8220;team&#8220;][vc_column][vc_empty_space height=&#8220;50px&#8220;][vc_row_inner][vc_column_inner width=&#8220;1\/4&#8243;][\/vc_column_inner][vc_column_inner width=&#8220;1\/2&#8243;][vc_text_separator title=&#8220;Unser Team&#8220;][vc_column_text]<\/p>\n<p style=\"text-align: center;\">Freundlich. Kompetent. Immer f\u00fcr Sie da.<br \/>\nUnser Team besteht aus:[\/vc_column_text][\/vc_column_inner][vc_column_inner width=&#8220;1\/4&#8243;][\/vc_column_inner][\/vc_row_inner][vc_empty_space height=&#8220;50px&#8220;][vc_separator][\/vc_column][vc_column width=&#8220;1\/6&#8243;][\/vc_column][vc_column width=&#8220;4\/6&#8243;][vc_row_inner][vc_column_inner width=&#8220;1\/2&#8243;][vc_column_text]<\/p>\n<h5 style=\"text-align: center;\">B. Lay<\/h5>\n<p style=\"text-align: center;\"><strong>Damenfrisoerin<\/strong><br \/>\ndi. 09:00-14:00 Uhr<br \/>\nmi. 09:00-18:30 Uhr<br \/>\nfr. 08:00-17:00 Uhr<br \/>\nsa. 08:00-13:00 Uhr<\/p>\n<p>[\/vc_column_text][vc_empty_space][vc_column_text]<\/p>\n<h5 style=\"text-align: center;\">A. Griebe<\/h5>\n<p style=\"text-align: center;\"><strong>Damenfrisoerin<\/strong><br \/>\ndo. 08:00-16:00 Uhr<\/p>\n<p>[\/vc_column_text][vc_empty_space][vc_column_text]<\/p>\n<h5 style=\"text-align: center;\">Ole Hansen<\/h5>\n<p style=\"text-align: center;\"><strong>Frisoermeister<\/strong><br \/>\nmo. 12:00-20:00 Uhr<br \/>\ndi. 08:00-14:00 Uhr<br \/>\nmi. 08:00-14:00 Uhr<br \/>\ndo. 14:00-20:00 Uhr<br \/>\nsa. 10:30-16:30 Uhr<\/p>\n<p>[\/vc_column_text][\/vc_column_inner][vc_column_inner width=&#8220;1\/2&#8243;][vc_column_text]<\/p>\n<h5 style=\"text-align: center;\">B. Pirsich<\/h5>\n<p style=\"text-align: center;\"><strong>Herrenfrisoer<\/strong><\/p>\n<p style=\"text-align: center;\">di. 14:00-20:00 Uhr<br \/>\nmi. 14:00-20:00 Uhr<br \/>\nsa. 08:00-14:00 Uhr<\/p>\n<p>[\/vc_column_text][vc_empty_space][vc_column_text]<\/p>\n<h5 style=\"text-align: center;\">E. B\u00f6se<\/h5>\n<p style=\"text-align: center;\"><strong>Herrenfrisoerin<\/strong><br \/>\nmo. 10:30-19:00 Uhr<br \/>\ndi. 08:30-14:00 Uhr<br \/>\nmi. 08:30-14:00 Uhr<br \/>\nfr. 08:30-14:00 Uhr<\/p>\n<p>[\/vc_column_text][vc_empty_space][vc_column_text]<\/p>\n<h5 style=\"text-align: center;\">C. Storch<\/h5>\n<p style=\"text-align: center;\"><strong>Herrenfrisoerin<\/strong><br \/>\nmi. 07:00 &#8211; 14.00 Uhr<\/p>\n<p>[\/vc_column_text][vc_column_text][\/vc_column_text][\/vc_column_inner][\/vc_row_inner][\/vc_column][\/vc_row][vc_row el_id=&#8220;kontakt&#8220;][vc_column][vc_empty_space height=&#8220;50px&#8220;][vc_separator][\/vc_column][\/vc_row][vc_row][vc_column][\/vc_column][\/vc_row]<\/p>\n","protected":false},"excerpt":{"rendered":"<p>[vc_row full_width=&#8220;stretch_row_content&#8220;][vc_column css=&#8220;.vc_custom_1613113746237{padding-left: 75px !important;background-color: #dbd4d0 !important;}&#8220; offset=&#8220;vc_col-lg-offset-0&#8243;][vc_single_image image=&#8220;278&#8243; img_size=&#8220;large&#8220; alignment=&#8220;center&#8220; css_animation=&#8220;zoomIn&#8220;][\/vc_column][\/vc_row][vc_row el_id=&#8220;willkommen&#8220;][vc_column width=&#8220;1\/4&#8243;][\/vc_column][vc_column width=&#8220;1\/2&#8243;][vc_empty_space height=&#8220;50px&#8220;][vc_text_separator title=&#8220;Willkommen&#8220;][vc_column_text]<\/p>\n<p>Liebe zur Sch\u00f6nheit ist Geschmack.<br \/>\nDie Schaffung von Sch\u00f6nheit ist Kunst.<\/p>\n<p style=\"text-align: center;\">Wir m\u00f6chten das Stra\u00dfenbild ein bisschen sch\u00f6ner machen. Und daf\u00fcr nutzen wir das, was Sie immer bei sich tragen: Ihren Kopf.<\/p>\n<p style=\"text-align: center;\">Denn ein guter Haarschnitt ist f\u00fcr uns kein fertiger Look von der Stange. Er entsteht im Gespr\u00e4ch, im genauen Hinsehen und in der Frage:<\/p>\n<p style=\"text-align: center;\">Was passt wirklich zu Ihnen?<\/p>\n<p style=\"text-align: [...] \n\n","protected":false},"author":2,"featured_media":0,"parent":0,"menu_order":0,"comment_status":"closed","ping_status":"closed","template":"","meta":[],"aioseo_notices":[],"aioseo_head":"\n\t\t<!-- All in One SEO 5.0.0.1 - aioseo.com -->\n\t<meta name=\"description\" content=\"Ihr Friseurbesuch in Hittfeld (Seevetal) \u2013 ein Moment des Wohlf\u00fchlens. Schnitt, Farbe, Styling vom erfahrenen Team. Jetzt Termin buchen!\" \/>\n\t<meta name=\"robots\" content=\"max-image-preview:large\" \/>\n\t<link rel=\"canonical\" href=\"https:\/\/hansen-frisoerladen.de\/\" \/>\n\t<meta name=\"generator\" content=\"All in One SEO (AIOSEO) 5.0.0.1\" \/>\n\t\t<meta property=\"og:locale\" content=\"de_DE\" \/>\n\t\t<meta property=\"og:site_name\" content=\"Hansen Fris\u00f6rladen |\" \/>\n\t\t<meta property=\"og:type\" content=\"website\" \/>\n\t\t<meta property=\"og:title\" content=\"Ole Hansen Fris\u00f6rmeister in Hittfeld (Seevetal)\" \/>\n\t\t<meta property=\"og:description\" content=\"Ihr Friseurbesuch in Hittfeld (Seevetal) \u2013 ein Moment des Wohlf\u00fchlens. Schnitt, Farbe, Styling vom erfahrenen Team. Jetzt Termin buchen!\" \/>\n\t\t<meta property=\"og:url\" content=\"https:\/\/hansen-frisoerladen.de\/\" \/>\n\t\t<meta name=\"twitter:card\" content=\"summary\" \/>\n\t\t<meta name=\"twitter:title\" content=\"Ole Hansen Fris\u00f6rmeister in Hittfeld (Seevetal)\" \/>\n\t\t<meta name=\"twitter:description\" content=\"Ihr Friseurbesuch in Hittfeld (Seevetal) \u2013 ein Moment des Wohlf\u00fchlens. Schnitt, Farbe, Styling vom erfahrenen Team. Jetzt Termin buchen!\" \/>\n\t\t<script type=\"application\/ld+json\" class=\"aioseo-schema\">\n\t\t\t{\"@context\":\"https:\\\/\\\/schema.org\",\"@graph\":[{\"@type\":\"BreadcrumbList\",\"@id\":\"https:\\\/\\\/hansen-frisoerladen.de\\\/#breadcrumblist\",\"itemListElement\":[{\"@type\":\"ListItem\",\"@id\":\"https:\\\/\\\/hansen-frisoerladen.de#listItem\",\"position\":1,\"name\":\"Home\",\"item\":\"https:\\\/\\\/hansen-frisoerladen.de\",\"nextItem\":{\"@type\":\"ListItem\",\"@id\":\"https:\\\/\\\/hansen-frisoerladen.de\\\/#listItem\",\"name\":\"One Page\"}},{\"@type\":\"ListItem\",\"@id\":\"https:\\\/\\\/hansen-frisoerladen.de\\\/#listItem\",\"position\":2,\"name\":\"One Page\",\"previousItem\":{\"@type\":\"ListItem\",\"@id\":\"https:\\\/\\\/hansen-frisoerladen.de#listItem\",\"name\":\"Home\"}}]},{\"@type\":\"Organization\",\"@id\":\"https:\\\/\\\/hansen-frisoerladen.de\\\/#organization\",\"name\":\"Hansen Fris\\u00f6rladen\",\"url\":\"https:\\\/\\\/hansen-frisoerladen.de\\\/\"},{\"@type\":\"WebPage\",\"@id\":\"https:\\\/\\\/hansen-frisoerladen.de\\\/#webpage\",\"url\":\"https:\\\/\\\/hansen-frisoerladen.de\\\/\",\"name\":\"Ole Hansen Fris\\u00f6rmeister in Hittfeld (Seevetal)\",\"description\":\"Ihr Friseurbesuch in Hittfeld (Seevetal) \\u2013 ein Moment des Wohlf\\u00fchlens. Schnitt, Farbe, Styling vom erfahrenen Team. Jetzt Termin buchen!\",\"inLanguage\":\"de-DE\",\"isPartOf\":{\"@id\":\"https:\\\/\\\/hansen-frisoerladen.de\\\/#website\"},\"breadcrumb\":{\"@id\":\"https:\\\/\\\/hansen-frisoerladen.de\\\/#breadcrumblist\"},\"datePublished\":\"2019-01-10T14:20:05+00:00\",\"dateModified\":\"2026-08-12T12:49:22+00:00\"},{\"@type\":\"WebSite\",\"@id\":\"https:\\\/\\\/hansen-frisoerladen.de\\\/#website\",\"url\":\"https:\\\/\\\/hansen-frisoerladen.de\\\/\",\"name\":\"Hansen Fris\\u00f6rladen\",\"inLanguage\":\"de-DE\",\"publisher\":{\"@id\":\"https:\\\/\\\/hansen-frisoerladen.de\\\/#organization\"}}]}\n\t\t<\/script>\n\t\t<!-- All in One SEO -->\n\n","aioseo_head_json":{"title":"Ole Hansen Fris\u00f6rmeister in Hittfeld (Seevetal)","description":"Ihr Friseurbesuch in Hittfeld (Seevetal) \u2013 ein Moment des Wohlf\u00fchlens. Schnitt, Farbe, Styling vom erfahrenen Team. Jetzt Termin buchen!","canonical_url":"https:\/\/hansen-frisoerladen.de\/","robots":"max-image-preview:large","keywords":"","webmasterTools":{"miscellaneous":""},"schema":{"@context":"https:\/\/schema.org","@graph":[{"@type":"BreadcrumbList","@id":"https:\/\/hansen-frisoerladen.de\/#breadcrumblist","itemListElement":[{"@type":"ListItem","@id":"https:\/\/hansen-frisoerladen.de#listItem","position":1,"name":"Home","item":"https:\/\/hansen-frisoerladen.de","nextItem":{"@type":"ListItem","@id":"https:\/\/hansen-frisoerladen.de\/#listItem","name":"One Page"}},{"@type":"ListItem","@id":"https:\/\/hansen-frisoerladen.de\/#listItem","position":2,"name":"One Page","previousItem":{"@type":"ListItem","@id":"https:\/\/hansen-frisoerladen.de#listItem","name":"Home"}}]},{"@type":"Organization","@id":"https:\/\/hansen-frisoerladen.de\/#organization","name":"Hansen Fris\u00f6rladen","url":"https:\/\/hansen-frisoerladen.de\/"},{"@type":"WebPage","@id":"https:\/\/hansen-frisoerladen.de\/#webpage","url":"https:\/\/hansen-frisoerladen.de\/","name":"Ole Hansen Fris\u00f6rmeister in Hittfeld (Seevetal)","description":"Ihr Friseurbesuch in Hittfeld (Seevetal) \u2013 ein Moment des Wohlf\u00fchlens. Schnitt, Farbe, Styling vom erfahrenen Team. Jetzt Termin buchen!","inLanguage":"de-DE","isPartOf":{"@id":"https:\/\/hansen-frisoerladen.de\/#website"},"breadcrumb":{"@id":"https:\/\/hansen-frisoerladen.de\/#breadcrumblist"},"datePublished":"2019-01-10T14:20:05+00:00","dateModified":"2026-08-12T12:49:22+00:00"},{"@type":"WebSite","@id":"https:\/\/hansen-frisoerladen.de\/#website","url":"https:\/\/hansen-frisoerladen.de\/","name":"Hansen Fris\u00f6rladen","inLanguage":"de-DE","publisher":{"@id":"https:\/\/hansen-frisoerladen.de\/#organization"}}]},"og:locale":"de_DE","og:site_name":"Hansen Fris\u00f6rladen |","og:type":"website","og:title":"Ole Hansen Fris\u00f6rmeister in Hittfeld (Seevetal)","og:description":"Ihr Friseurbesuch in Hittfeld (Seevetal) \u2013 ein Moment des Wohlf\u00fchlens. Schnitt, Farbe, Styling vom erfahrenen Team. Jetzt Termin buchen!","og:url":"https:\/\/hansen-frisoerladen.de\/","twitter:card":"summary","twitter:title":"Ole Hansen Fris\u00f6rmeister in Hittfeld (Seevetal)","twitter:description":"Ihr Friseurbesuch in Hittfeld (Seevetal) \u2013 ein Moment des Wohlf\u00fchlens. Schnitt, Farbe, Styling vom erfahrenen Team. Jetzt Termin buchen!"},"aioseo_meta_data":{"post_id":"173","title":"Ole Hansen Fris\u00f6rmeister in Hittfeld (Seevetal)","description":"Ihr Friseurbesuch in Hittfeld (Seevetal) \u2013 ein Moment des Wohlf\u00fchlens. Schnitt, Farbe, Styling vom erfahrenen Team. Jetzt Termin buchen!","keywords":null,"keyphrases":{"focus":{"keyphrase":"","score":0,"analysis":{"keyphraseInTitle":{"score":0,"maxScore":9,"error":1}}},"additional":[]},"canonical_url":null,"og_title":null,"og_description":null,"og_object_type":"website","og_image_type":"default","og_image_url":null,"og_image_width":null,"og_image_height":null,"og_image_custom_url":null,"og_image_custom_fields":null,"og_video":"","og_custom_url":null,"og_article_section":null,"og_article_tags":null,"twitter_use_og":false,"twitter_card":"default","twitter_image_type":"default","twitter_image_url":null,"twitter_image_custom_url":null,"twitter_image_custom_fields":null,"twitter_title":null,"twitter_description":null,"schema_type":"default","schema_type_options":"{\"article\":{\"articleType\":\"BlogPosting\"},\"course\":{\"name\":\"\",\"description\":\"\",\"provider\":\"\"},\"faq\":{\"pages\":[]},\"product\":{\"reviews\":[]},\"recipe\":{\"ingredients\":[],\"instructions\":[],\"keywords\":[]},\"software\":{\"reviews\":[],\"operatingSystems\":[]},\"webPage\":{\"webPageType\":\"WebPage\"}}","pillar_content":false,"robots_default":true,"robots_noindex":false,"robots_noarchive":false,"robots_nosnippet":false,"robots_nofollow":false,"robots_noimageindex":false,"robots_noodp":false,"robots_notranslate":false,"robots_max_snippet":"-1","robots_max_videopreview":"-1","robots_max_imagepreview":"large","priority":null,"frequency":"default","local_seo":null,"limit_modified_date":false,"created":"2022-06-19 07:19:52","updated":"2026-08-12 13:26:21","focus_keyword":null,"additional_keywords":null,"truseo_locale":null,"primary_term":null,"schema":{"blockGraphs":[],"customGraphs":[],"default":{"data":{"Article":[],"Course":[],"Dataset":[],"FAQPage":[],"Movie":[],"Person":[],"Product":[],"ProductReview":[],"Car":[],"Recipe":[],"Service":[],"SoftwareApplication":[],"WebPage":{"id":"#aioseo-web-page-6a7b69f5211d1","slug":"web-page","graphName":"WebPage","label":"Web-Seite","properties":{"type":"WebPage","name":"","description":""}}},"graphName":"WebPage","isEnabled":true},"graphs":[]},"ai":{"faqs":[],"keyPoints":[],"schemas":[],"titles":[],"descriptions":[],"socialPosts":{"email":{"subject":"","preview":"","content":""},"linkedin":[],"twitter":[],"facebook":[],"instagram":[]}},"breadcrumb_settings":null,"seo_analyzer_scan_date":null},"aioseo_breadcrumb":"<div class=\"aioseo-breadcrumbs\"><span class=\"aioseo-breadcrumb\">\n\t\t\t<a href=\"https:\/\/hansen-frisoerladen.de\" title=\"Home\">Home<\/a>\n\t\t<\/span><span class=\"aioseo-breadcrumb-separator\">&raquo;<\/span><span class=\"aioseo-breadcrumb\">\n\t\t\tOne Page\n\t\t<\/span><\/div>","aioseo_breadcrumb_json":[{"label":"Home","link":"https:\/\/hansen-frisoerladen.de"},{"label":"One Page","link":"https:\/\/hansen-frisoerladen.de\/"}],"_links":{"self":[{"href":"https:\/\/hansen-frisoerladen.de\/index.php?rest_route=\/wp\/v2\/pages\/173"}],"collection":[{"href":"https:\/\/hansen-frisoerladen.de\/index.php?rest_route=\/wp\/v2\/pages"}],"about":[{"href":"https:\/\/hansen-frisoerladen.de\/index.php?rest_route=\/wp\/v2\/types\/page"}],"author":[{"embeddable":true,"href":"https:\/\/hansen-frisoerladen.de\/index.php?rest_route=\/wp\/v2\/users\/2"}],"replies":[{"embeddable":true,"href":"https:\/\/hansen-frisoerladen.de\/index.php?rest_route=%2Fwp%2Fv2%2Fcomments&post=173"}],"version-history":[{"count":145,"href":"https:\/\/hansen-frisoerladen.de\/index.php?rest_route=\/wp\/v2\/pages\/173\/revisions"}],"predecessor-version":[{"id":410,"href":"https:\/\/hansen-frisoerladen.de\/index.php?rest_route=\/wp\/v2\/pages\/173\/revisions\/410"}],"wp:attachment":[{"href":"https:\/\/hansen-frisoerladen.de\/index.php?rest_route=%2Fwp%2Fv2%2Fmedia&parent=173"}],"curies":[{"name":"wp","href":"https:\/\/api.w.org\/{rel}","templated":true}]}}